{"id":20669,"date":"2024-03-19T03:02:21","date_gmt":"2024-03-19T01:02:21","guid":{"rendered":"https:\/\/www.icicaldaie.com\/accessorio-caldaia\/echelles-et-surfaces-de-marche\/"},"modified":"2024-05-28T12:12:05","modified_gmt":"2024-05-28T10:12:05","slug":"echelles-et-surfaces-de-marche","status":"publish","type":"accessori-caldaia","link":"https:\/\/www.icicaldaie.com\/fr\/accessoire-caldaia\/tous-les-generateurs\/echelles-et-surfaces-de-marche\/","title":{"rendered":"\u00c9chelles et surfaces de marche"},"content":{"rendered":"<p>La structure est r\u00e9alis\u00e9e en \u00e9l\u00e9ments profil\u00e9s en acier au carbone unis entre eux par des joints sp\u00e9ciaux qui en garantissent l\u2019accouplement.<br \/>\nLe parapet de retenue sup\u00e9rieur est r\u00e9alis\u00e9 de mani\u00e8re opportune et fix\u00e9 avec des logements soud\u00e9s \u00e0 la structure pour assurer une stabilit\u00e9 et une solidit\u00e9 parfaites.<br \/>\nL\u2019escalier d\u2019acc\u00e8s au plan de passerelle du g\u00e9n\u00e9rateur est construit en respectant les normes en vigueur en mati\u00e8re de s\u00e9curit\u00e9 et il est dot\u00e9 de\u00a0:<br \/>\n&#8211; main courante soud\u00e9e \u00e0 la structure<br \/>\n&#8211; pare-pied<br \/>\n&#8211; cintre anti-chute pour des hauteurs du plan de passerelle sup\u00e9rieures \u00e0 3 m\u00e8tres<br \/>\n&#8211; inserts antiglisse sur les marches<br \/>\n&#8211; petit portail anti-chute<br \/>\nLe petit portail est \u00e9quip\u00e9 de charni\u00e8res \u00e0 ressort qui le maintiennent normalement ferm\u00e9 en emp\u00eachant la chute accidentelle vers l\u2019escalier d\u2019acc\u00e8s.<\/p>\n","protected":false},"featured_media":3184,"template":"","tag_componenti":[1452],"class_list":["post-20669","accessori-caldaia","type-accessori-caldaia","status-publish","has-post-thumbnail","hentry","tag_componenti-tous-les-generateurs"],"acf":[],"yoast_head":"<!-- This site is optimized with the Yoast SEO plugin v24.7 - https:\/\/yoast.com\/wordpress\/plugins\/seo\/ -->\n<title>\u00c9chelles et surfaces de marche - ICI<\/title>\n<meta name=\"robots\" content=\"index, follow, max-snippet:-1, max-image-preview:large, max-video-preview:-1\" \/>\n<link rel=\"canonical\" href=\"https:\/\/www.icicaldaie.com\/fr\/accessoire-caldaia\/tous-les-generateurs\/echelles-et-surfaces-de-marche\/\" \/>\n<meta property=\"og:locale\" content=\"fr_FR\" \/>\n<meta property=\"og:type\" content=\"article\" \/>\n<meta property=\"og:title\" content=\"\u00c9chelles et surfaces de marche - ICI\" \/>\n<meta property=\"og:description\" content=\"La structure est r\u00e9alis\u00e9e en \u00e9l\u00e9ments profil\u00e9s en acier au carbone unis entre eux par des joints sp\u00e9ciaux qui en garantissent l\u2019accouplement. Le parapet de retenue sup\u00e9rieur est r\u00e9alis\u00e9 de mani\u00e8re opportune et fix\u00e9 avec des logements soud\u00e9s \u00e0 la structure pour assurer une stabilit\u00e9 et une solidit\u00e9 parfaites. L\u2019escalier d\u2019acc\u00e8s au plan de passerelle [&hellip;]\" \/>\n<meta property=\"og:url\" content=\"https:\/\/www.icicaldaie.com\/fr\/accessoire-caldaia\/tous-les-generateurs\/echelles-et-surfaces-de-marche\/\" \/>\n<meta property=\"og:site_name\" content=\"ICI\" \/>\n<meta property=\"article:modified_time\" content=\"2024-05-28T10:12:05+00:00\" \/>\n<meta property=\"og:image\" content=\"https:\/\/www.icicaldaie.com\/wp-content\/uploads\/2023\/06\/Scaletta_principale.jpg\" \/>\n\t<meta property=\"og:image:width\" content=\"603\" \/>\n\t<meta property=\"og:image:height\" content=\"700\" \/>\n\t<meta property=\"og:image:type\" content=\"image\/jpeg\" \/>\n<meta name=\"twitter:card\" content=\"summary_large_image\" \/>\n<meta name=\"twitter:label1\" content=\"Dur\u00e9e de lecture estim\u00e9e\" \/>\n\t<meta name=\"twitter:data1\" content=\"1 minute\" \/>\n<script type=\"application\/ld+json\" class=\"yoast-schema-graph\">{\"@context\":\"https:\/\/schema.org\",\"@graph\":[{\"@type\":\"WebPage\",\"@id\":\"https:\/\/www.icicaldaie.com\/fr\/accessoire-caldaia\/tous-les-generateurs\/echelles-et-surfaces-de-marche\/\",\"url\":\"https:\/\/www.icicaldaie.com\/fr\/accessoire-caldaia\/tous-les-generateurs\/echelles-et-surfaces-de-marche\/\",\"name\":\"\u00c9chelles et surfaces de marche - ICI\",\"isPartOf\":{\"@id\":\"https:\/\/www.icicaldaie.com\/fr\/#website\"},\"primaryImageOfPage\":{\"@id\":\"https:\/\/www.icicaldaie.com\/fr\/accessoire-caldaia\/tous-les-generateurs\/echelles-et-surfaces-de-marche\/#primaryimage\"},\"image\":{\"@id\":\"https:\/\/www.icicaldaie.com\/fr\/accessoire-caldaia\/tous-les-generateurs\/echelles-et-surfaces-de-marche\/#primaryimage\"},\"thumbnailUrl\":\"https:\/\/www.icicaldaie.com\/wp-content\/uploads\/2023\/06\/Scaletta_principale.jpg\",\"datePublished\":\"2024-03-19T01:02:21+00:00\",\"dateModified\":\"2024-05-28T10:12:05+00:00\",\"breadcrumb\":{\"@id\":\"https:\/\/www.icicaldaie.com\/fr\/accessoire-caldaia\/tous-les-generateurs\/echelles-et-surfaces-de-marche\/#breadcrumb\"},\"inLanguage\":\"fr-FR\",\"potentialAction\":[{\"@type\":\"ReadAction\",\"target\":[\"https:\/\/www.icicaldaie.com\/fr\/accessoire-caldaia\/tous-les-generateurs\/echelles-et-surfaces-de-marche\/\"]}]},{\"@type\":\"ImageObject\",\"inLanguage\":\"fr-FR\",\"@id\":\"https:\/\/www.icicaldaie.com\/fr\/accessoire-caldaia\/tous-les-generateurs\/echelles-et-surfaces-de-marche\/#primaryimage\",\"url\":\"https:\/\/www.icicaldaie.com\/wp-content\/uploads\/2023\/06\/Scaletta_principale.jpg\",\"contentUrl\":\"https:\/\/www.icicaldaie.com\/wp-content\/uploads\/2023\/06\/Scaletta_principale.jpg\",\"width\":603,\"height\":700},{\"@type\":\"BreadcrumbList\",\"@id\":\"https:\/\/www.icicaldaie.com\/fr\/accessoire-caldaia\/tous-les-generateurs\/echelles-et-surfaces-de-marche\/#breadcrumb\",\"itemListElement\":[{\"@type\":\"ListItem\",\"position\":1,\"name\":\"Home\",\"item\":\"https:\/\/www.icicaldaie.com\/fr\/\"},{\"@type\":\"ListItem\",\"position\":2,\"name\":\"Accessori Caldaia\",\"item\":\"https:\/\/www.icicaldaie.com\/fr\/accessoire-caldaia\/\"},{\"@type\":\"ListItem\",\"position\":3,\"name\":\"Tous les g\u00e9n\u00e9rateurs\",\"item\":\"https:\/\/www.icicaldaie.com\/fr\/tag_componenti\/tous-les-generateurs\/\"},{\"@type\":\"ListItem\",\"position\":4,\"name\":\"\u00c9chelles et surfaces de marche\"}]},{\"@type\":\"WebSite\",\"@id\":\"https:\/\/www.icicaldaie.com\/fr\/#website\",\"url\":\"https:\/\/www.icicaldaie.com\/fr\/\",\"name\":\"ICI\",\"description\":\"Powering Evolution\",\"publisher\":{\"@id\":\"https:\/\/www.icicaldaie.com\/fr\/#organization\"},\"alternateName\":\"ICI Powering Evolution\",\"potentialAction\":[{\"@type\":\"SearchAction\",\"target\":{\"@type\":\"EntryPoint\",\"urlTemplate\":\"https:\/\/www.icicaldaie.com\/fr\/?s={search_term_string}\"},\"query-input\":{\"@type\":\"PropertyValueSpecification\",\"valueRequired\":true,\"valueName\":\"search_term_string\"}}],\"inLanguage\":\"fr-FR\"},{\"@type\":\"Organization\",\"@id\":\"https:\/\/www.icicaldaie.com\/fr\/#organization\",\"name\":\"ICI\",\"url\":\"https:\/\/www.icicaldaie.com\/fr\/\",\"logo\":{\"@type\":\"ImageObject\",\"inLanguage\":\"fr-FR\",\"@id\":\"https:\/\/www.icicaldaie.com\/fr\/#\/schema\/logo\/image\/\",\"url\":\"https:\/\/www.icicaldaie.com\/wp-content\/uploads\/2023\/01\/Logo-ICI-Colorato.png\",\"contentUrl\":\"https:\/\/www.icicaldaie.com\/wp-content\/uploads\/2023\/01\/Logo-ICI-Colorato.png\",\"width\":450,\"height\":239,\"caption\":\"ICI\"},\"image\":{\"@id\":\"https:\/\/www.icicaldaie.com\/fr\/#\/schema\/logo\/image\/\"}}]}<\/script>\n<!-- \/ Yoast SEO plugin. -->","yoast_head_json":{"title":"\u00c9chelles et surfaces de marche - ICI","robots":{"index":"index","follow":"follow","max-snippet":"max-snippet:-1","max-image-preview":"max-image-preview:large","max-video-preview":"max-video-preview:-1"},"canonical":"https:\/\/www.icicaldaie.com\/fr\/accessoire-caldaia\/tous-les-generateurs\/echelles-et-surfaces-de-marche\/","og_locale":"fr_FR","og_type":"article","og_title":"\u00c9chelles et surfaces de marche - ICI","og_description":"La structure est r\u00e9alis\u00e9e en \u00e9l\u00e9ments profil\u00e9s en acier au carbone unis entre eux par des joints sp\u00e9ciaux qui en garantissent l\u2019accouplement. Le parapet de retenue sup\u00e9rieur est r\u00e9alis\u00e9 de mani\u00e8re opportune et fix\u00e9 avec des logements soud\u00e9s \u00e0 la structure pour assurer une stabilit\u00e9 et une solidit\u00e9 parfaites. L\u2019escalier d\u2019acc\u00e8s au plan de passerelle [&hellip;]","og_url":"https:\/\/www.icicaldaie.com\/fr\/accessoire-caldaia\/tous-les-generateurs\/echelles-et-surfaces-de-marche\/","og_site_name":"ICI","article_modified_time":"2024-05-28T10:12:05+00:00","og_image":[{"width":603,"height":700,"url":"https:\/\/www.icicaldaie.com\/wp-content\/uploads\/2023\/06\/Scaletta_principale.jpg","type":"image\/jpeg"}],"twitter_card":"summary_large_image","twitter_misc":{"Dur\u00e9e de lecture estim\u00e9e":"1 minute"},"schema":{"@context":"https:\/\/schema.org","@graph":[{"@type":"WebPage","@id":"https:\/\/www.icicaldaie.com\/fr\/accessoire-caldaia\/tous-les-generateurs\/echelles-et-surfaces-de-marche\/","url":"https:\/\/www.icicaldaie.com\/fr\/accessoire-caldaia\/tous-les-generateurs\/echelles-et-surfaces-de-marche\/","name":"\u00c9chelles et surfaces de marche - ICI","isPartOf":{"@id":"https:\/\/www.icicaldaie.com\/fr\/#website"},"primaryImageOfPage":{"@id":"https:\/\/www.icicaldaie.com\/fr\/accessoire-caldaia\/tous-les-generateurs\/echelles-et-surfaces-de-marche\/#primaryimage"},"image":{"@id":"https:\/\/www.icicaldaie.com\/fr\/accessoire-caldaia\/tous-les-generateurs\/echelles-et-surfaces-de-marche\/#primaryimage"},"thumbnailUrl":"https:\/\/www.icicaldaie.com\/wp-content\/uploads\/2023\/06\/Scaletta_principale.jpg","datePublished":"2024-03-19T01:02:21+00:00","dateModified":"2024-05-28T10:12:05+00:00","breadcrumb":{"@id":"https:\/\/www.icicaldaie.com\/fr\/accessoire-caldaia\/tous-les-generateurs\/echelles-et-surfaces-de-marche\/#breadcrumb"},"inLanguage":"fr-FR","potentialAction":[{"@type":"ReadAction","target":["https:\/\/www.icicaldaie.com\/fr\/accessoire-caldaia\/tous-les-generateurs\/echelles-et-surfaces-de-marche\/"]}]},{"@type":"ImageObject","inLanguage":"fr-FR","@id":"https:\/\/www.icicaldaie.com\/fr\/accessoire-caldaia\/tous-les-generateurs\/echelles-et-surfaces-de-marche\/#primaryimage","url":"https:\/\/www.icicaldaie.com\/wp-content\/uploads\/2023\/06\/Scaletta_principale.jpg","contentUrl":"https:\/\/www.icicaldaie.com\/wp-content\/uploads\/2023\/06\/Scaletta_principale.jpg","width":603,"height":700},{"@type":"BreadcrumbList","@id":"https:\/\/www.icicaldaie.com\/fr\/accessoire-caldaia\/tous-les-generateurs\/echelles-et-surfaces-de-marche\/#breadcrumb","itemListElement":[{"@type":"ListItem","position":1,"name":"Home","item":"https:\/\/www.icicaldaie.com\/fr\/"},{"@type":"ListItem","position":2,"name":"Accessori Caldaia","item":"https:\/\/www.icicaldaie.com\/fr\/accessoire-caldaia\/"},{"@type":"ListItem","position":3,"name":"Tous les g\u00e9n\u00e9rateurs","item":"https:\/\/www.icicaldaie.com\/fr\/tag_componenti\/tous-les-generateurs\/"},{"@type":"ListItem","position":4,"name":"\u00c9chelles et surfaces de marche"}]},{"@type":"WebSite","@id":"https:\/\/www.icicaldaie.com\/fr\/#website","url":"https:\/\/www.icicaldaie.com\/fr\/","name":"ICI","description":"Powering Evolution","publisher":{"@id":"https:\/\/www.icicaldaie.com\/fr\/#organization"},"alternateName":"ICI Powering Evolution","potentialAction":[{"@type":"SearchAction","target":{"@type":"EntryPoint","urlTemplate":"https:\/\/www.icicaldaie.com\/fr\/?s={search_term_string}"},"query-input":{"@type":"PropertyValueSpecification","valueRequired":true,"valueName":"search_term_string"}}],"inLanguage":"fr-FR"},{"@type":"Organization","@id":"https:\/\/www.icicaldaie.com\/fr\/#organization","name":"ICI","url":"https:\/\/www.icicaldaie.com\/fr\/","logo":{"@type":"ImageObject","inLanguage":"fr-FR","@id":"https:\/\/www.icicaldaie.com\/fr\/#\/schema\/logo\/image\/","url":"https:\/\/www.icicaldaie.com\/wp-content\/uploads\/2023\/01\/Logo-ICI-Colorato.png","contentUrl":"https:\/\/www.icicaldaie.com\/wp-content\/uploads\/2023\/01\/Logo-ICI-Colorato.png","width":450,"height":239,"caption":"ICI"},"image":{"@id":"https:\/\/www.icicaldaie.com\/fr\/#\/schema\/logo\/image\/"}}]}},"_links":{"self":[{"href":"https:\/\/www.icicaldaie.com\/fr\/wp-json\/wp\/v2\/accessori-caldaia\/20669","targetHints":{"allow":["GET"]}}],"collection":[{"href":"https:\/\/www.icicaldaie.com\/fr\/wp-json\/wp\/v2\/accessori-caldaia"}],"about":[{"href":"https:\/\/www.icicaldaie.com\/fr\/wp-json\/wp\/v2\/types\/accessori-caldaia"}],"wp:featuredmedia":[{"embeddable":true,"href":"https:\/\/www.icicaldaie.com\/fr\/wp-json\/wp\/v2\/media\/3184"}],"wp:attachment":[{"href":"https:\/\/www.icicaldaie.com\/fr\/wp-json\/wp\/v2\/media?parent=20669"}],"wp:term":[{"taxonomy":"tag_componenti","embeddable":true,"href":"https:\/\/www.icicaldaie.com\/fr\/wp-json\/wp\/v2\/tag_componenti?post=20669"}],"curies":[{"name":"wp","href":"https:\/\/api.w.org\/{rel}","templated":true}]}}